{"id":791,"date":"2025-02-07T11:46:04","date_gmt":"2025-02-07T11:46:04","guid":{"rendered":"https:\/\/otca.org\/concursofotografico\/fotografia\/las-guardianas-de-la-selva\/"},"modified":"2025-02-07T11:46:04","modified_gmt":"2025-02-07T11:46:04","slug":"las-guardianas-de-la-selva","status":"publish","type":"fotografia","link":"https:\/\/otca.org\/concursofotografico\/fotografia\/las-guardianas-de-la-selva\/","title":{"rendered":"As guardi\u00e3s da floresta"},"content":{"rendered":"<p>Alexandra Narv\u00e1ez, da comunidade Cof\u00e1n de Sinangoe, faz parte da guarda ind\u00edgena criada em 2017 em resposta \u00e0 concess\u00e3o do territ\u00f3rio Cof\u00e1n para atividades de minera\u00e7\u00e3o, concedida sem consultar seus habitantes. Ela \u00e9 a \u00fanica mulher nessa guarda, dedicada a mapear seu territ\u00f3rio e defend\u00ea-lo contra mineradores e madeireiros que amea\u00e7am seu ecossistema.<\/p>\n","protected":false},"featured_media":613,"template":"","meta":{"_acf_changed":false},"autor":[220],"etnia":[1088],"lugar":[553,445],"pais":[101],"premio":[386],"tipo-de-fotografia":[71],"class_list":["post-791","fotografia","type-fotografia","status-publish","has-post-thumbnail","hentry","autor-edu-leon-pt","etnia-mestico","lugar-amazonia-equatoriana","lugar-sinangoe","pais-espanha","premio-selecionada","tipo-de-fotografia-documental-pt"],"acf":[],"yoast_head":"<!-- This site is optimized with the Yoast SEO plugin v24.4 - https:\/\/yoast.com\/wordpress\/plugins\/seo\/ -->\n<title>As guardi\u00e3s da floresta - Concurso Fotografico<\/title>\n<meta name=\"robots\" content=\"index, follow, max-snippet:-1, max-image-preview:large, max-video-preview:-1\" \/>\n<link rel=\"canonical\" href=\"https:\/\/otca.org\/concursofotografico\/fotografia\/las-guardianas-de-la-selva\/\" \/>\n<meta property=\"og:locale\" content=\"pt_BR\" \/>\n<meta property=\"og:type\" content=\"article\" \/>\n<meta property=\"og:title\" content=\"As guardi\u00e3s da floresta - Concurso Fotografico\" \/>\n<meta property=\"og:description\" content=\"Alexandra Narv\u00e1ez, da comunidade Cof\u00e1n de Sinangoe, faz parte da [&hellip;]\" \/>\n<meta property=\"og:url\" content=\"https:\/\/otca.org\/concursofotografico\/fotografia\/las-guardianas-de-la-selva\/\" \/>\n<meta property=\"og:site_name\" content=\"Concurso Fotografico\" \/>\n<meta property=\"og:image\" content=\"https:\/\/otca.org\/concursofotografico\/wp-content\/uploads\/2025\/01\/id030-Edu-Leon-.jpg\" \/>\n\t<meta property=\"og:image:width\" content=\"1250\" \/>\n\t<meta property=\"og:image:height\" content=\"833\" \/>\n\t<meta property=\"og:image:type\" content=\"image\/jpeg\" \/>\n<meta name=\"twitter:card\" content=\"summary_large_image\" \/>\n<meta name=\"twitter:label1\" content=\"Est. tempo de leitura\" \/>\n\t<meta name=\"twitter:data1\" content=\"1 minuto\" \/>\n<script type=\"application\/ld+json\" class=\"yoast-schema-graph\">{\"@context\":\"https:\/\/schema.org\",\"@graph\":[{\"@type\":\"WebPage\",\"@id\":\"https:\/\/otca.org\/concursofotografico\/fotografia\/las-guardianas-de-la-selva\/\",\"url\":\"https:\/\/otca.org\/concursofotografico\/fotografia\/las-guardianas-de-la-selva\/\",\"name\":\"As guardi\u00e3s da floresta - Concurso Fotografico\",\"isPartOf\":{\"@id\":\"https:\/\/otca.org\/concursofotografico\/#website\"},\"primaryImageOfPage\":{\"@id\":\"https:\/\/otca.org\/concursofotografico\/fotografia\/las-guardianas-de-la-selva\/#primaryimage\"},\"image\":{\"@id\":\"https:\/\/otca.org\/concursofotografico\/fotografia\/las-guardianas-de-la-selva\/#primaryimage\"},\"thumbnailUrl\":\"https:\/\/otca.org\/concursofotografico\/wp-content\/uploads\/2025\/01\/id030-Edu-Leon-.jpg\",\"datePublished\":\"2025-02-07T11:46:04+00:00\",\"breadcrumb\":{\"@id\":\"https:\/\/otca.org\/concursofotografico\/fotografia\/las-guardianas-de-la-selva\/#breadcrumb\"},\"inLanguage\":\"pt-BR\",\"potentialAction\":[{\"@type\":\"ReadAction\",\"target\":[\"https:\/\/otca.org\/concursofotografico\/fotografia\/las-guardianas-de-la-selva\/\"]}]},{\"@type\":\"ImageObject\",\"inLanguage\":\"pt-BR\",\"@id\":\"https:\/\/otca.org\/concursofotografico\/fotografia\/las-guardianas-de-la-selva\/#primaryimage\",\"url\":\"https:\/\/otca.org\/concursofotografico\/wp-content\/uploads\/2025\/01\/id030-Edu-Leon-.jpg\",\"contentUrl\":\"https:\/\/otca.org\/concursofotografico\/wp-content\/uploads\/2025\/01\/id030-Edu-Leon-.jpg\",\"width\":1250,\"height\":833,\"caption\":\"id030 Edu Leon\"},{\"@type\":\"BreadcrumbList\",\"@id\":\"https:\/\/otca.org\/concursofotografico\/fotografia\/las-guardianas-de-la-selva\/#breadcrumb\",\"itemListElement\":[{\"@type\":\"ListItem\",\"position\":1,\"name\":\"In\u00edcio\",\"item\":\"https:\/\/otca.org\/concursofotografico\/\"},{\"@type\":\"ListItem\",\"position\":2,\"name\":\"As guardi\u00e3s da floresta\"}]},{\"@type\":\"WebSite\",\"@id\":\"https:\/\/otca.org\/concursofotografico\/#website\",\"url\":\"https:\/\/otca.org\/concursofotografico\/\",\"name\":\"Concurso Fotografico \\\"Por um mundo mais que humano\\\"\",\"description\":\"\",\"publisher\":{\"@id\":\"https:\/\/otca.org\/concursofotografico\/#organization\"},\"potentialAction\":[{\"@type\":\"SearchAction\",\"target\":{\"@type\":\"EntryPoint\",\"urlTemplate\":\"https:\/\/otca.org\/concursofotografico\/?s={search_term_string}\"},\"query-input\":{\"@type\":\"PropertyValueSpecification\",\"valueRequired\":true,\"valueName\":\"search_term_string\"}}],\"inLanguage\":\"pt-BR\"},{\"@type\":\"Organization\",\"@id\":\"https:\/\/otca.org\/concursofotografico\/#organization\",\"name\":\"OTCA\",\"url\":\"https:\/\/otca.org\/concursofotografico\/\",\"logo\":{\"@type\":\"ImageObject\",\"inLanguage\":\"pt-BR\",\"@id\":\"https:\/\/otca.org\/concursofotografico\/#\/schema\/logo\/image\/\",\"url\":\"https:\/\/otca.org\/concursofotografico\/wp-content\/uploads\/2024\/08\/logo-OTCA_PT.svg\",\"contentUrl\":\"https:\/\/otca.org\/concursofotografico\/wp-content\/uploads\/2024\/08\/logo-OTCA_PT.svg\",\"width\":120,\"height\":50,\"caption\":\"OTCA\"},\"image\":{\"@id\":\"https:\/\/otca.org\/concursofotografico\/#\/schema\/logo\/image\/\"}}]}<\/script>\n<!-- \/ Yoast SEO plugin. -->","yoast_head_json":{"title":"As guardi\u00e3s da floresta - Concurso Fotografico","robots":{"index":"index","follow":"follow","max-snippet":"max-snippet:-1","max-image-preview":"max-image-preview:large","max-video-preview":"max-video-preview:-1"},"canonical":"https:\/\/otca.org\/concursofotografico\/fotografia\/las-guardianas-de-la-selva\/","og_locale":"pt_BR","og_type":"article","og_title":"As guardi\u00e3s da floresta - Concurso Fotografico","og_description":"Alexandra Narv\u00e1ez, da comunidade Cof\u00e1n de Sinangoe, faz parte da [&hellip;]","og_url":"https:\/\/otca.org\/concursofotografico\/fotografia\/las-guardianas-de-la-selva\/","og_site_name":"Concurso Fotografico","og_image":[{"width":1250,"height":833,"url":"https:\/\/otca.org\/concursofotografico\/wp-content\/uploads\/2025\/01\/id030-Edu-Leon-.jpg","type":"image\/jpeg"}],"twitter_card":"summary_large_image","twitter_misc":{"Est. tempo de leitura":"1 minuto"},"schema":{"@context":"https:\/\/schema.org","@graph":[{"@type":"WebPage","@id":"https:\/\/otca.org\/concursofotografico\/fotografia\/las-guardianas-de-la-selva\/","url":"https:\/\/otca.org\/concursofotografico\/fotografia\/las-guardianas-de-la-selva\/","name":"As guardi\u00e3s da floresta - Concurso Fotografico","isPartOf":{"@id":"https:\/\/otca.org\/concursofotografico\/#website"},"primaryImageOfPage":{"@id":"https:\/\/otca.org\/concursofotografico\/fotografia\/las-guardianas-de-la-selva\/#primaryimage"},"image":{"@id":"https:\/\/otca.org\/concursofotografico\/fotografia\/las-guardianas-de-la-selva\/#primaryimage"},"thumbnailUrl":"https:\/\/otca.org\/concursofotografico\/wp-content\/uploads\/2025\/01\/id030-Edu-Leon-.jpg","datePublished":"2025-02-07T11:46:04+00:00","breadcrumb":{"@id":"https:\/\/otca.org\/concursofotografico\/fotografia\/las-guardianas-de-la-selva\/#breadcrumb"},"inLanguage":"pt-BR","potentialAction":[{"@type":"ReadAction","target":["https:\/\/otca.org\/concursofotografico\/fotografia\/las-guardianas-de-la-selva\/"]}]},{"@type":"ImageObject","inLanguage":"pt-BR","@id":"https:\/\/otca.org\/concursofotografico\/fotografia\/las-guardianas-de-la-selva\/#primaryimage","url":"https:\/\/otca.org\/concursofotografico\/wp-content\/uploads\/2025\/01\/id030-Edu-Leon-.jpg","contentUrl":"https:\/\/otca.org\/concursofotografico\/wp-content\/uploads\/2025\/01\/id030-Edu-Leon-.jpg","width":1250,"height":833,"caption":"id030 Edu Leon"},{"@type":"BreadcrumbList","@id":"https:\/\/otca.org\/concursofotografico\/fotografia\/las-guardianas-de-la-selva\/#breadcrumb","itemListElement":[{"@type":"ListItem","position":1,"name":"In\u00edcio","item":"https:\/\/otca.org\/concursofotografico\/"},{"@type":"ListItem","position":2,"name":"As guardi\u00e3s da floresta"}]},{"@type":"WebSite","@id":"https:\/\/otca.org\/concursofotografico\/#website","url":"https:\/\/otca.org\/concursofotografico\/","name":"Concurso Fotografico \"Por um mundo mais que humano\"","description":"","publisher":{"@id":"https:\/\/otca.org\/concursofotografico\/#organization"},"potentialAction":[{"@type":"SearchAction","target":{"@type":"EntryPoint","urlTemplate":"https:\/\/otca.org\/concursofotografico\/?s={search_term_string}"},"query-input":{"@type":"PropertyValueSpecification","valueRequired":true,"valueName":"search_term_string"}}],"inLanguage":"pt-BR"},{"@type":"Organization","@id":"https:\/\/otca.org\/concursofotografico\/#organization","name":"OTCA","url":"https:\/\/otca.org\/concursofotografico\/","logo":{"@type":"ImageObject","inLanguage":"pt-BR","@id":"https:\/\/otca.org\/concursofotografico\/#\/schema\/logo\/image\/","url":"https:\/\/otca.org\/concursofotografico\/wp-content\/uploads\/2024\/08\/logo-OTCA_PT.svg","contentUrl":"https:\/\/otca.org\/concursofotografico\/wp-content\/uploads\/2024\/08\/logo-OTCA_PT.svg","width":120,"height":50,"caption":"OTCA"},"image":{"@id":"https:\/\/otca.org\/concursofotografico\/#\/schema\/logo\/image\/"}}]}},"_links":{"self":[{"href":"https:\/\/otca.org\/concursofotografico\/wp-json\/wp\/v2\/fotografia\/791"}],"collection":[{"href":"https:\/\/otca.org\/concursofotografico\/wp-json\/wp\/v2\/fotografia"}],"about":[{"href":"https:\/\/otca.org\/concursofotografico\/wp-json\/wp\/v2\/types\/fotografia"}],"wp:featuredmedia":[{"embeddable":true,"href":"https:\/\/otca.org\/concursofotografico\/wp-json\/wp\/v2\/media\/613"}],"wp:attachment":[{"href":"https:\/\/otca.org\/concursofotografico\/wp-json\/wp\/v2\/media?parent=791"}],"wp:term":[{"taxonomy":"autor","embeddable":true,"href":"https:\/\/otca.org\/concursofotografico\/wp-json\/wp\/v2\/autor?post=791"},{"taxonomy":"etnia","embeddable":true,"href":"https:\/\/otca.org\/concursofotografico\/wp-json\/wp\/v2\/etnia?post=791"},{"taxonomy":"lugar","embeddable":true,"href":"https:\/\/otca.org\/concursofotografico\/wp-json\/wp\/v2\/lugar?post=791"},{"taxonomy":"pais","embeddable":true,"href":"https:\/\/otca.org\/concursofotografico\/wp-json\/wp\/v2\/pais?post=791"},{"taxonomy":"premio","embeddable":true,"href":"https:\/\/otca.org\/concursofotografico\/wp-json\/wp\/v2\/premio?post=791"},{"taxonomy":"tipo-de-fotografia","embeddable":true,"href":"https:\/\/otca.org\/concursofotografico\/wp-json\/wp\/v2\/tipo-de-fotografia?post=791"}],"curies":[{"name":"wp","href":"https:\/\/api.w.org\/{rel}","templated":true}]}}